{"id":20850,"date":"2015-03-13T16:42:42","date_gmt":"2015-03-13T19:42:42","guid":{"rendered":"http:\/\/www.rioonwatch.org\/wp-content\/uploads\/2015\/03\/Elis\u00e2ngela-Leite-_-Redes-da-Mar\u00e9._1.jpg"},"modified":"2015-03-13T18:02:13","modified_gmt":"2015-03-13T21:02:13","slug":"elisangela-leite-_-redes-da-mare-_1","status":"inherit","type":"attachment","link":"https:\/\/rioonwatch.org\/?attachment_id=20850","title":{"rendered":"Eliana discusses public security with community leaders, residents and public officials in an event organized by Redes. Photo by Redes da Mar\u00e9"},"author":51,"featured_media":0,"comment_status":"closed","ping_status":"closed","template":"","meta":{"_monsterinsights_skip_tracking":false,"_monsterinsights_sitenote_active":false,"_monsterinsights_sitenote_note":"","_monsterinsights_sitenote_category":0},"class_list":["post-20850","attachment","type-attachment","status-inherit"],"description":{"rendered":"<p class=\"attachment\"><a href='https:\/\/rioonwatch.org\/wp-content\/uploads\/2015\/03\/Elis\u00e2ngela-Leite-_-Redes-da-Mar\u00e9._1.jpg'><img fetchpriority=\"high\" decoding=\"async\" width=\"300\" height=\"200\" src=\"https:\/\/rioonwatch.org\/wp-content\/uploads\/2015\/03\/Elis\u00e2ngela-Leite-_-Redes-da-Mar\u00e9._1-300x200.jpg\" class=\"attachment-medium size-medium\" alt=\"\" srcset=\"https:\/\/rioonwatch.org\/wp-content\/uploads\/2015\/03\/Elis\u00e2ngela-Leite-_-Redes-da-Mar\u00e9._1-300x200.jpg 300w, https:\/\/rioonwatch.org\/wp-content\/uploads\/2015\/03\/Elis\u00e2ngela-Leite-_-Redes-da-Mar\u00e9._1.jpg 1000w\" sizes=\"(max-width: 300px) 100vw, 300px\" \/><\/a><\/p>\n<p>Eliana discusses public security with community leaders, residents and public officials in an event organized by Redes. Photo by Redes da Mar\u00e9<\/p>\n"},"caption":{"rendered":"<div class=\"mh-excerpt\"><p>Eliana discusses public security with community leaders, residents and public officials in an event organized by Redes. Photo by Redes da Mar\u00e9<\/p>\n<\/div>"},"alt_text":"","media_type":"image","mime_type":"image\/jpeg","media_details":{"width":1000,"height":667,"hwstring_small":"height='85' width='128'","file":"2015\/03\/Elis\u00e2ngela-Leite-_-Redes-da-Mar\u00e9._1.jpg","sizes":{"thumbnail":{"file":"Elis\u00e2ngela-Leite-_-Redes-da-Mar\u00e9._1-620x264.jpg","width":620,"height":264,"mime_type":"image\/jpeg","source_url":"https:\/\/rioonwatch.org\/wp-content\/uploads\/2015\/03\/Elis\u00e2ngela-Leite-_-Redes-da-Mar\u00e9._1-620x264.jpg"},"medium":{"file":"Elis\u00e2ngela-Leite-_-Redes-da-Mar\u00e9._1-300x200.jpg","width":300,"height":200,"mime_type":"image\/jpeg","source_url":"https:\/\/rioonwatch.org\/wp-content\/uploads\/2015\/03\/Elis\u00e2ngela-Leite-_-Redes-da-Mar\u00e9._1-300x200.jpg"},"slider":{"file":"Elis\u00e2ngela-Leite-_-Redes-da-Mar\u00e9._1-940x400.jpg","width":940,"height":400,"mime_type":"image\/jpeg","source_url":"https:\/\/rioonwatch.org\/wp-content\/uploads\/2015\/03\/Elis\u00e2ngela-Leite-_-Redes-da-Mar\u00e9._1-940x400.jpg"},"content":{"file":"Elis\u00e2ngela-Leite-_-Redes-da-Mar\u00e9._1-620x264.jpg","width":620,"height":264,"mime_type":"image\/jpeg","source_url":"https:\/\/rioonwatch.org\/wp-content\/uploads\/2015\/03\/Elis\u00e2ngela-Leite-_-Redes-da-Mar\u00e9._1-620x264.jpg"},"spotlight":{"file":"Elis\u00e2ngela-Leite-_-Redes-da-Mar\u00e9._1-580x326.jpg","width":580,"height":326,"mime_type":"image\/jpeg","source_url":"https:\/\/rioonwatch.org\/wp-content\/uploads\/2015\/03\/Elis\u00e2ngela-Leite-_-Redes-da-Mar\u00e9._1-580x326.jpg"},"loop":{"file":"Elis\u00e2ngela-Leite-_-Redes-da-Mar\u00e9._1-174x131.jpg","width":174,"height":131,"mime_type":"image\/jpeg","source_url":"https:\/\/rioonwatch.org\/wp-content\/uploads\/2015\/03\/Elis\u00e2ngela-Leite-_-Redes-da-Mar\u00e9._1-174x131.jpg"},"carousel":{"file":"Elis\u00e2ngela-Leite-_-Redes-da-Mar\u00e9._1-174x98.jpg","width":174,"height":98,"mime_type":"image\/jpeg","source_url":"https:\/\/rioonwatch.org\/wp-content\/uploads\/2015\/03\/Elis\u00e2ngela-Leite-_-Redes-da-Mar\u00e9._1-174x98.jpg"},"cp_large":{"file":"Elis\u00e2ngela-Leite-_-Redes-da-Mar\u00e9._1-300x225.jpg","width":300,"height":225,"mime_type":"image\/jpeg","source_url":"https:\/\/rioonwatch.org\/wp-content\/uploads\/2015\/03\/Elis\u00e2ngela-Leite-_-Redes-da-Mar\u00e9._1-300x225.jpg"},"cp_small":{"file":"Elis\u00e2ngela-Leite-_-Redes-da-Mar\u00e9._1-70x53.jpg","width":70,"height":53,"mime_type":"image\/jpeg","source_url":"https:\/\/rioonwatch.org\/wp-content\/uploads\/2015\/03\/Elis\u00e2ngela-Leite-_-Redes-da-Mar\u00e9._1-70x53.jpg"},"mh-magazine-medium":{"file":"Elis\u00e2ngela-Leite-_-Redes-da-Mar\u00e9._1-326x245.jpg","width":326,"height":245,"mime_type":"image\/jpeg","source_url":"https:\/\/rioonwatch.org\/wp-content\/uploads\/2015\/03\/Elis\u00e2ngela-Leite-_-Redes-da-Mar\u00e9._1-326x245.jpg"},"full":{"file":"Elis\u00e2ngela-Leite-_-Redes-da-Mar\u00e9._1.jpg","width":1000,"height":667,"mime_type":"image\/jpeg","source_url":"https:\/\/rioonwatch.org\/wp-content\/uploads\/2015\/03\/Elis\u00e2ngela-Leite-_-Redes-da-Mar\u00e9._1.jpg"}},"image_meta":{"aperture":"3.5","credit":"Elisangela Leite\/Redes da Mar\u00e9","camera":"Canon EOS 7D","caption":"Audi\u00cdncia P\u02d9blica sobre Seguran\u00c1a na Mar\u00c8, no Centro de Artes da Mar\u00c8 (CAM).\rA Audi\u00cdncia P\u02d9blica \u00c8 uma iniciativa do projeto \"A Mar\u00c8 que Queremos\", desenvolvido pela Redes da Mar\u00c8 em parceria com as Associa\u00c1\u0131es de Moradores da Mar\u00c8. O evento conta, ainda, com o apoio do Observat\u00dbrio de Favelas e demais organiza\u00c1\u0131es locais.\rEstamos mobilizando, al\u00c8m dos parceiros, profissionais e moradores da Mar\u00c8, sobretudo os familiares daqueles envolvidos em situa\u00c1\u0131es de viol\u00cdncia decorrentes da a\u00c1\u201eo policial ocorrida em junho do ano passado que resultou na morte de 10 pessoas. \rTeremos a presen\u00c1a do Dr. Rivaldo Barbosa, da Divis\u201eo de Homic\u00ccdios, para dar retorno aos participantes sobre o processo de investiga\u00c1\u201eo destes casos.","created_timestamp":"1417686135","copyright":"Proibido o uso desta imagem sem o consentimento da autora propriet\u00b7ria Elis\u201angela Leite(Lei 9610 de 98). Contactar a autora pelo","focal_length":"19","iso":"800","shutter_speed":"0.0125","title":"","orientation":"1","keywords":["America Latina","Elis\u00e2ngela Leite","Nova Holanda","Mar\u00e9 que Queremos","Dr. Rivaldo Barbosa","Audi\u00eancia","Divis\u00e3o de Homic\u00eddios","Favela","Seguran\u00e7a","Complexo da Mar\u00e9","ONG","Redes da Mar\u00e9","P\u00fablica","Rio de janeiro","Brasil","Mar\u00e9","CAM","Centro de Artes da Mar\u00e9"]}},"post":20836,"source_url":"https:\/\/rioonwatch.org\/wp-content\/uploads\/2015\/03\/Elis\u00e2ngela-Leite-_-Redes-da-Mar\u00e9._1.jpg","_links":{"self":[{"href":"https:\/\/rioonwatch.org\/index.php?rest_route=\/wp\/v2\/media\/20850","targetHints":{"allow":["GET"]}}],"collection":[{"href":"https:\/\/rioonwatch.org\/index.php?rest_route=\/wp\/v2\/media"}],"about":[{"href":"https:\/\/rioonwatch.org\/index.php?rest_route=\/wp\/v2\/types\/attachment"}],"author":[{"embeddable":true,"href":"https:\/\/rioonwatch.org\/index.php?rest_route=\/wp\/v2\/users\/51"}],"replies":[{"embeddable":true,"href":"https:\/\/rioonwatch.org\/index.php?rest_route=%2Fwp%2Fv2%2Fcomments&post=20850"}]}}