{"id":32482,"date":"2016-09-02T09:41:31","date_gmt":"2016-09-02T12:41:31","guid":{"rendered":"http:\/\/www.rioonwatch.org\/wp-content\/uploads\/2016\/09\/BS_prefeito-Rio-de-Janeiro-Eduardo-Paes-inauguracao-Transolimpica-Rio-2016_004.jpg"},"modified":"2016-09-02T09:41:58","modified_gmt":"2016-09-02T12:41:58","slug":"bs_prefeito-rio-de-janeiro-eduardo-paes-inauguracao-transolimpica-rio-2016_004","status":"inherit","type":"attachment","link":"https:\/\/rioonwatch.org\/?attachment_id=32482","title":{"rendered":"Photo by Beth Santos\/PCRJ"},"author":17,"featured_media":0,"comment_status":"closed","ping_status":"closed","template":"","meta":{"_monsterinsights_skip_tracking":false,"_monsterinsights_sitenote_active":false,"_monsterinsights_sitenote_note":"","_monsterinsights_sitenote_category":0},"class_list":["post-32482","attachment","type-attachment","status-inherit"],"description":{"rendered":"<p class=\"attachment\"><a href='https:\/\/rioonwatch.org\/wp-content\/uploads\/2016\/09\/BS_prefeito-Rio-de-Janeiro-Eduardo-Paes-inauguracao-Transolimpica-Rio-2016_004-scaled.jpg'><img fetchpriority=\"high\" decoding=\"async\" width=\"620\" height=\"413\" src=\"https:\/\/rioonwatch.org\/wp-content\/uploads\/2016\/09\/BS_prefeito-Rio-de-Janeiro-Eduardo-Paes-inauguracao-Transolimpica-Rio-2016_004-scaled-620x413.jpg\" class=\"attachment-medium size-medium\" alt=\"\" srcset=\"https:\/\/rioonwatch.org\/wp-content\/uploads\/2016\/09\/BS_prefeito-Rio-de-Janeiro-Eduardo-Paes-inauguracao-Transolimpica-Rio-2016_004-scaled-620x413.jpg 620w, https:\/\/rioonwatch.org\/wp-content\/uploads\/2016\/09\/BS_prefeito-Rio-de-Janeiro-Eduardo-Paes-inauguracao-Transolimpica-Rio-2016_004-scaled-943x629.jpg 943w, https:\/\/rioonwatch.org\/wp-content\/uploads\/2016\/09\/BS_prefeito-Rio-de-Janeiro-Eduardo-Paes-inauguracao-Transolimpica-Rio-2016_004-scaled-768x512.jpg 768w, https:\/\/rioonwatch.org\/wp-content\/uploads\/2016\/09\/BS_prefeito-Rio-de-Janeiro-Eduardo-Paes-inauguracao-Transolimpica-Rio-2016_004-300x200.jpg 300w, https:\/\/rioonwatch.org\/wp-content\/uploads\/2016\/09\/BS_prefeito-Rio-de-Janeiro-Eduardo-Paes-inauguracao-Transolimpica-Rio-2016_004-1024x683.jpg 1024w\" sizes=\"(max-width: 620px) 100vw, 620px\" \/><\/a><\/p>\n"},"caption":{"rendered":"<div class=\"mh-excerpt\"><\/div>"},"alt_text":"","media_type":"image","mime_type":"image\/jpeg","media_details":{"width":2560,"height":1707,"file":"2016\/09\/BS_prefeito-Rio-de-Janeiro-Eduardo-Paes-inauguracao-Transolimpica-Rio-2016_004-scaled.jpg","sizes":{"medium":{"file":"BS_prefeito-Rio-de-Janeiro-Eduardo-Paes-inauguracao-Transolimpica-Rio-2016_004-scaled-620x413.jpg","width":620,"height":413,"mime_type":"image\/jpeg","source_url":"https:\/\/rioonwatch.org\/wp-content\/uploads\/2016\/09\/BS_prefeito-Rio-de-Janeiro-Eduardo-Paes-inauguracao-Transolimpica-Rio-2016_004-scaled-620x413.jpg"},"large":{"file":"BS_prefeito-Rio-de-Janeiro-Eduardo-Paes-inauguracao-Transolimpica-Rio-2016_004-scaled-943x629.jpg","width":943,"height":629,"mime_type":"image\/jpeg","source_url":"https:\/\/rioonwatch.org\/wp-content\/uploads\/2016\/09\/BS_prefeito-Rio-de-Janeiro-Eduardo-Paes-inauguracao-Transolimpica-Rio-2016_004-scaled-943x629.jpg"},"thumbnail":{"file":"BS_prefeito-Rio-de-Janeiro-Eduardo-Paes-inauguracao-Transolimpica-Rio-2016_004-scaled-620x264.jpg","width":620,"height":264,"mime_type":"image\/jpeg","source_url":"https:\/\/rioonwatch.org\/wp-content\/uploads\/2016\/09\/BS_prefeito-Rio-de-Janeiro-Eduardo-Paes-inauguracao-Transolimpica-Rio-2016_004-scaled-620x264.jpg"},"medium_large":{"file":"BS_prefeito-Rio-de-Janeiro-Eduardo-Paes-inauguracao-Transolimpica-Rio-2016_004-scaled-768x512.jpg","width":768,"height":512,"mime_type":"image\/jpeg","source_url":"https:\/\/rioonwatch.org\/wp-content\/uploads\/2016\/09\/BS_prefeito-Rio-de-Janeiro-Eduardo-Paes-inauguracao-Transolimpica-Rio-2016_004-scaled-768x512.jpg"},"1536x1536":{"file":"BS_prefeito-Rio-de-Janeiro-Eduardo-Paes-inauguracao-Transolimpica-Rio-2016_004-scaled-1536x1536.jpg","width":1536,"height":1536,"mime_type":"image\/jpeg","source_url":"https:\/\/rioonwatch.org\/wp-content\/uploads\/2016\/09\/BS_prefeito-Rio-de-Janeiro-Eduardo-Paes-inauguracao-Transolimpica-Rio-2016_004-scaled-1536x1536.jpg"},"2048x2048":{"file":"BS_prefeito-Rio-de-Janeiro-Eduardo-Paes-inauguracao-Transolimpica-Rio-2016_004-scaled-2048x1707.jpg","width":2048,"height":1707,"mime_type":"image\/jpeg","source_url":"https:\/\/rioonwatch.org\/wp-content\/uploads\/2016\/09\/BS_prefeito-Rio-de-Janeiro-Eduardo-Paes-inauguracao-Transolimpica-Rio-2016_004-scaled-2048x1707.jpg"},"mh-magazine-slider":{"file":"BS_prefeito-Rio-de-Janeiro-Eduardo-Paes-inauguracao-Transolimpica-Rio-2016_004-scaled-620x264.jpg","width":620,"height":264,"mime_type":"image\/jpeg","source_url":"https:\/\/rioonwatch.org\/wp-content\/uploads\/2016\/09\/BS_prefeito-Rio-de-Janeiro-Eduardo-Paes-inauguracao-Transolimpica-Rio-2016_004-scaled-620x264.jpg"},"mh-magazine-content":{"file":"BS_prefeito-Rio-de-Janeiro-Eduardo-Paes-inauguracao-Transolimpica-Rio-2016_004-scaled-620x264.jpg","width":620,"height":264,"mime_type":"image\/jpeg","source_url":"https:\/\/rioonwatch.org\/wp-content\/uploads\/2016\/09\/BS_prefeito-Rio-de-Janeiro-Eduardo-Paes-inauguracao-Transolimpica-Rio-2016_004-scaled-620x264.jpg"},"mh-magazine-large":{"file":"BS_prefeito-Rio-de-Janeiro-Eduardo-Paes-inauguracao-Transolimpica-Rio-2016_004-scaled-678x509.jpg","width":678,"height":509,"mime_type":"image\/jpeg","source_url":"https:\/\/rioonwatch.org\/wp-content\/uploads\/2016\/09\/BS_prefeito-Rio-de-Janeiro-Eduardo-Paes-inauguracao-Transolimpica-Rio-2016_004-scaled-678x509.jpg"},"mh-magazine-medium":{"file":"BS_prefeito-Rio-de-Janeiro-Eduardo-Paes-inauguracao-Transolimpica-Rio-2016_004-scaled-326x245.jpg","width":326,"height":245,"mime_type":"image\/jpeg","source_url":"https:\/\/rioonwatch.org\/wp-content\/uploads\/2016\/09\/BS_prefeito-Rio-de-Janeiro-Eduardo-Paes-inauguracao-Transolimpica-Rio-2016_004-scaled-326x245.jpg"},"mh-magazine-small":{"file":"BS_prefeito-Rio-de-Janeiro-Eduardo-Paes-inauguracao-Transolimpica-Rio-2016_004-scaled-80x60.jpg","width":80,"height":60,"mime_type":"image\/jpeg","source_url":"https:\/\/rioonwatch.org\/wp-content\/uploads\/2016\/09\/BS_prefeito-Rio-de-Janeiro-Eduardo-Paes-inauguracao-Transolimpica-Rio-2016_004-scaled-80x60.jpg"},"mh-magazine-slider_old_1030x438":{"file":"BS_prefeito-Rio-de-Janeiro-Eduardo-Paes-inauguracao-Transolimpica-Rio-2016_004-1030x438.jpg","width":1030,"height":438,"mime_type":"image\/jpeg","source_url":"https:\/\/rioonwatch.org\/wp-content\/uploads\/2016\/09\/BS_prefeito-Rio-de-Janeiro-Eduardo-Paes-inauguracao-Transolimpica-Rio-2016_004-1030x438.jpg"},"medium_old_300x200":{"file":"BS_prefeito-Rio-de-Janeiro-Eduardo-Paes-inauguracao-Transolimpica-Rio-2016_004-300x200.jpg","width":300,"height":200,"mime_type":"image\/jpeg","source_url":"https:\/\/rioonwatch.org\/wp-content\/uploads\/2016\/09\/BS_prefeito-Rio-de-Janeiro-Eduardo-Paes-inauguracao-Transolimpica-Rio-2016_004-300x200.jpg"},"large_old_1024x683":{"file":"BS_prefeito-Rio-de-Janeiro-Eduardo-Paes-inauguracao-Transolimpica-Rio-2016_004-1024x683.jpg","width":1024,"height":683,"mime_type":"image\/jpeg","source_url":"https:\/\/rioonwatch.org\/wp-content\/uploads\/2016\/09\/BS_prefeito-Rio-de-Janeiro-Eduardo-Paes-inauguracao-Transolimpica-Rio-2016_004-1024x683.jpg"},"mh-magazine-content_old_678x381":{"file":"BS_prefeito-Rio-de-Janeiro-Eduardo-Paes-inauguracao-Transolimpica-Rio-2016_004-678x381.jpg","width":678,"height":381,"mime_type":"image\/jpeg","source_url":"https:\/\/rioonwatch.org\/wp-content\/uploads\/2016\/09\/BS_prefeito-Rio-de-Janeiro-Eduardo-Paes-inauguracao-Transolimpica-Rio-2016_004-678x381.jpg"},"slider":{"file":"BS_prefeito-Rio-de-Janeiro-Eduardo-Paes-inauguracao-Transolimpica-Rio-2016_004-940x400.jpg","width":940,"height":400,"mime_type":"image\/jpeg","source_url":"https:\/\/rioonwatch.org\/wp-content\/uploads\/2016\/09\/BS_prefeito-Rio-de-Janeiro-Eduardo-Paes-inauguracao-Transolimpica-Rio-2016_004-940x400.jpg"},"content":{"file":"BS_prefeito-Rio-de-Janeiro-Eduardo-Paes-inauguracao-Transolimpica-Rio-2016_004-620x264.jpg","width":620,"height":264,"mime_type":"image\/jpeg","source_url":"https:\/\/rioonwatch.org\/wp-content\/uploads\/2016\/09\/BS_prefeito-Rio-de-Janeiro-Eduardo-Paes-inauguracao-Transolimpica-Rio-2016_004-620x264.jpg"},"spotlight":{"file":"BS_prefeito-Rio-de-Janeiro-Eduardo-Paes-inauguracao-Transolimpica-Rio-2016_004-580x326.jpg","width":580,"height":326,"mime_type":"image\/jpeg","source_url":"https:\/\/rioonwatch.org\/wp-content\/uploads\/2016\/09\/BS_prefeito-Rio-de-Janeiro-Eduardo-Paes-inauguracao-Transolimpica-Rio-2016_004-580x326.jpg"},"loop":{"file":"BS_prefeito-Rio-de-Janeiro-Eduardo-Paes-inauguracao-Transolimpica-Rio-2016_004-174x131.jpg","width":174,"height":131,"mime_type":"image\/jpeg","source_url":"https:\/\/rioonwatch.org\/wp-content\/uploads\/2016\/09\/BS_prefeito-Rio-de-Janeiro-Eduardo-Paes-inauguracao-Transolimpica-Rio-2016_004-174x131.jpg"},"carousel":{"file":"BS_prefeito-Rio-de-Janeiro-Eduardo-Paes-inauguracao-Transolimpica-Rio-2016_004-174x98.jpg","width":174,"height":98,"mime_type":"image\/jpeg","source_url":"https:\/\/rioonwatch.org\/wp-content\/uploads\/2016\/09\/BS_prefeito-Rio-de-Janeiro-Eduardo-Paes-inauguracao-Transolimpica-Rio-2016_004-174x98.jpg"},"cp_large":{"file":"BS_prefeito-Rio-de-Janeiro-Eduardo-Paes-inauguracao-Transolimpica-Rio-2016_004-300x225.jpg","width":300,"height":225,"mime_type":"image\/jpeg","source_url":"https:\/\/rioonwatch.org\/wp-content\/uploads\/2016\/09\/BS_prefeito-Rio-de-Janeiro-Eduardo-Paes-inauguracao-Transolimpica-Rio-2016_004-300x225.jpg"},"cp_small":{"file":"BS_prefeito-Rio-de-Janeiro-Eduardo-Paes-inauguracao-Transolimpica-Rio-2016_004-70x53.jpg","width":70,"height":53,"mime_type":"image\/jpeg","source_url":"https:\/\/rioonwatch.org\/wp-content\/uploads\/2016\/09\/BS_prefeito-Rio-de-Janeiro-Eduardo-Paes-inauguracao-Transolimpica-Rio-2016_004-70x53.jpg"},"full":{"file":"BS_prefeito-Rio-de-Janeiro-Eduardo-Paes-inauguracao-Transolimpica-Rio-2016_004-scaled.jpg","width":2560,"height":1707,"mime_type":"image\/jpeg","source_url":"https:\/\/rioonwatch.org\/wp-content\/uploads\/2016\/09\/BS_prefeito-Rio-de-Janeiro-Eduardo-Paes-inauguracao-Transolimpica-Rio-2016_004-scaled.jpg"}},"image_meta":{"aperture":"11","credit":"","camera":"Canon EOS 5D Mark III","caption":"09\/07\/2016- Rio de Janeiro- RJ- Brasil- O prefeito Eduardo Paes inaugurou neste s\u00e1bado (09\/07) a Transol\u00edmpica, a primeira via expressa da cidade com corredor BRT e um dos principais legados dos Jogos Ol\u00edmpicos e Paral\u00edmpicos Rio 2016 para a mobilidade dos cariocas. Com 26 quil\u00f4metros de extens\u00e3o entre Deodoro e Recreio dos Bandeirantes, a via cruzar\u00e1 11 bairros da Zona Oeste e ser\u00e1 a principal liga\u00e7\u00e3o entre as duas maiores instala\u00e7\u00f5es de competi\u00e7\u00e3o: o Parque Ol\u00edmpico, na Barra da Tijuca, e o Complexo Esportivo de Deodoro. Diariamente, a Transol\u00edmpica vai beneficiar 70 mil passageiros de BRT e ter\u00e1 capacidade para 55 mil ve\u00edculos. O tempo de viagem com o novo corredor ser\u00e1 reduzido em 60%.\r \rA Transol\u00edmpica entrar\u00e1 em opera\u00e7\u00e3o nas Olimp\u00edadas atendendo exclusivamente o p\u00fablico, atletas e a for\u00e7a de trabalho (Work Force) das instala\u00e7\u00f5es esportivas. Para a sua implanta\u00e7\u00e3o foram abertos mais dois t\u00faneis no Maci\u00e7o da Pedra Branca, antigo pleito da popula\u00e7\u00e3o, que aguarda h\u00e1 pelo menos 30 anos esta nova alternativa vi\u00e1ria \u00e0 sobrecarregada Estrada do Catonho.\r\rFoto: Beth Santos\/ PCRJ","created_timestamp":"1467817580","copyright":"","focal_length":"40","iso":"320","shutter_speed":"0.004","title":"","orientation":"1","keywords":[]}},"post":30584,"source_url":"https:\/\/rioonwatch.org\/wp-content\/uploads\/2016\/09\/BS_prefeito-Rio-de-Janeiro-Eduardo-Paes-inauguracao-Transolimpica-Rio-2016_004-scaled.jpg","_links":{"self":[{"href":"https:\/\/rioonwatch.org\/index.php?rest_route=\/wp\/v2\/media\/32482","targetHints":{"allow":["GET"]}}],"collection":[{"href":"https:\/\/rioonwatch.org\/index.php?rest_route=\/wp\/v2\/media"}],"about":[{"href":"https:\/\/rioonwatch.org\/index.php?rest_route=\/wp\/v2\/types\/attachment"}],"author":[{"embeddable":true,"href":"https:\/\/rioonwatch.org\/index.php?rest_route=\/wp\/v2\/users\/17"}],"replies":[{"embeddable":true,"href":"https:\/\/rioonwatch.org\/index.php?rest_route=%2Fwp%2Fv2%2Fcomments&post=32482"}]}}