{"id":7780,"date":"2013-03-15T16:27:23","date_gmt":"2013-03-15T19:27:23","guid":{"rendered":"http:\/\/rioonwatch.org\/wp-content\/uploads\/2013\/03\/Mar\u00e9-pol\u00edcia.jpg"},"modified":"2013-03-15T16:27:23","modified_gmt":"2013-03-15T19:27:23","slug":"mare-policia","status":"inherit","type":"attachment","link":"https:\/\/rioonwatch.org\/?attachment_id=7780","title":{"rendered":"Complexo da Mar\u00e9 in North Zone is set to be the next favela to receive a UPP"},"author":17,"featured_media":0,"comment_status":"closed","ping_status":"closed","template":"","meta":{"_monsterinsights_skip_tracking":false,"_monsterinsights_sitenote_active":false,"_monsterinsights_sitenote_note":"","_monsterinsights_sitenote_category":0},"class_list":["post-7780","attachment","type-attachment","status-inherit"],"description":{"rendered":"<p class=\"attachment\"><a href='https:\/\/rioonwatch.org\/wp-content\/uploads\/2013\/03\/Mar\u00e9-pol\u00edcia.jpg'><img fetchpriority=\"high\" decoding=\"async\" width=\"300\" height=\"200\" src=\"https:\/\/rioonwatch.org\/wp-content\/uploads\/2013\/03\/Mar\u00e9-pol\u00edcia-300x200.jpg\" class=\"attachment-medium size-medium\" alt=\"Complexo da Mar\u00e9 in North Zone is set to be the next favela to receive a UPP\" srcset=\"https:\/\/rioonwatch.org\/wp-content\/uploads\/2013\/03\/Mar\u00e9-pol\u00edcia-300x200.jpg 300w, https:\/\/rioonwatch.org\/wp-content\/uploads\/2013\/03\/Mar\u00e9-pol\u00edcia.jpg 640w\" sizes=\"(max-width: 300px) 100vw, 300px\" \/><\/a><\/p>\n"},"caption":{"rendered":"<div class=\"mh-excerpt\"><\/div>"},"alt_text":"Complexo da Mar\u00e9 in North Zone is set to be the next favela to receive a UPP","media_type":"image","mime_type":"image\/jpeg","media_details":{"width":640,"height":427,"hwstring_small":"height='85' width='128'","file":"2013\/03\/Mar\u00e9-pol\u00edcia.jpg","sizes":{"thumbnail":{"file":"Mar\u00e9-pol\u00edcia-620x264.jpg","width":620,"height":264,"mime_type":"image\/jpeg","source_url":"https:\/\/rioonwatch.org\/wp-content\/uploads\/2013\/03\/Mar\u00e9-pol\u00edcia-620x264.jpg"},"medium":{"file":"Mar\u00e9-pol\u00edcia-300x200.jpg","width":300,"height":200,"mime_type":"image\/jpeg","source_url":"https:\/\/rioonwatch.org\/wp-content\/uploads\/2013\/03\/Mar\u00e9-pol\u00edcia-300x200.jpg"},"slider":{"file":"Mar\u00e9-pol\u00edcia-640x400.jpg","width":640,"height":400,"mime_type":"image\/jpeg","source_url":"https:\/\/rioonwatch.org\/wp-content\/uploads\/2013\/03\/Mar\u00e9-pol\u00edcia-640x400.jpg"},"content":{"file":"Mar\u00e9-pol\u00edcia-620x264.jpg","width":620,"height":264,"mime_type":"image\/jpeg","source_url":"https:\/\/rioonwatch.org\/wp-content\/uploads\/2013\/03\/Mar\u00e9-pol\u00edcia-620x264.jpg"},"spotlight":{"file":"Mar\u00e9-pol\u00edcia-580x326.jpg","width":580,"height":326,"mime_type":"image\/jpeg","source_url":"https:\/\/rioonwatch.org\/wp-content\/uploads\/2013\/03\/Mar\u00e9-pol\u00edcia-580x326.jpg"},"loop":{"file":"Mar\u00e9-pol\u00edcia-174x131.jpg","width":174,"height":131,"mime_type":"image\/jpeg","source_url":"https:\/\/rioonwatch.org\/wp-content\/uploads\/2013\/03\/Mar\u00e9-pol\u00edcia-174x131.jpg"},"carousel":{"file":"Mar\u00e9-pol\u00edcia-174x98.jpg","width":174,"height":98,"mime_type":"image\/jpeg","source_url":"https:\/\/rioonwatch.org\/wp-content\/uploads\/2013\/03\/Mar\u00e9-pol\u00edcia-174x98.jpg"},"cp_large":{"file":"Mar\u00e9-pol\u00edcia-300x225.jpg","width":300,"height":225,"mime_type":"image\/jpeg","source_url":"https:\/\/rioonwatch.org\/wp-content\/uploads\/2013\/03\/Mar\u00e9-pol\u00edcia-300x225.jpg"},"cp_small":{"file":"Mar\u00e9-pol\u00edcia-70x53.jpg","width":70,"height":53,"mime_type":"image\/jpeg","source_url":"https:\/\/rioonwatch.org\/wp-content\/uploads\/2013\/03\/Mar\u00e9-pol\u00edcia-70x53.jpg"},"mh-magazine-medium":{"file":"Mar\u00e9-pol\u00edcia-326x245.jpg","width":326,"height":245,"mime_type":"image\/jpeg","source_url":"https:\/\/rioonwatch.org\/wp-content\/uploads\/2013\/03\/Mar\u00e9-pol\u00edcia-326x245.jpg"},"full":{"file":"Mar\u00e9-pol\u00edcia.jpg","width":640,"height":427,"mime_type":"image\/jpeg","source_url":"https:\/\/rioonwatch.org\/wp-content\/uploads\/2013\/03\/Mar\u00e9-pol\u00edcia.jpg"}},"image_meta":{"aperture":"0","credit":"AF Rodrigues","camera":"","caption":"Opera\u00e7\u00e3o da pol\u00edcia civil na favela Nova Holanda e Parque Uni\u00e3o mata 5 pessoas, dentre os mortos pelo menos um inocente trabalhador. Os pol\u00edciais tetaram remover o corpo mas a popula\u00e7\u00e3o impediu a tentavia gritanto e tacando ovos nos policiais. Moradores disseram que o helic\u00f3ptero da pol\u00edcia civil chegou atirando e atingindo o jovem trabalhor Marcelo. Enquanto isso, policiais por terra, agrediam as pessoas que estavam no baile funk,disse uma moradora que n\u00e3o quis se identificar por medo de repres\u00e1ria por parte dos policiais.","created_timestamp":"0","copyright":"Proibido o uso desta imagem sem o consentimento do autor propriet\u00e1rio AF Rodrigues (Lei 9610 de 98). Contatar o autor pelos e-ma","focal_length":"0","iso":"0","shutter_speed":"0","title":"","orientation":"0","keywords":["favela","pol\u00edcia","policiamento","opera\u00e7\u00e3o","morte","comunidade","periferia","Nova Holanda","viol\u00eancia","a.f.rodrigues","afrodrigues","adriano","ferreira","rodrigues"]}},"post":7766,"source_url":"https:\/\/rioonwatch.org\/wp-content\/uploads\/2013\/03\/Mar\u00e9-pol\u00edcia.jpg","_links":{"self":[{"href":"https:\/\/rioonwatch.org\/index.php?rest_route=\/wp\/v2\/media\/7780","targetHints":{"allow":["GET"]}}],"collection":[{"href":"https:\/\/rioonwatch.org\/index.php?rest_route=\/wp\/v2\/media"}],"about":[{"href":"https:\/\/rioonwatch.org\/index.php?rest_route=\/wp\/v2\/types\/attachment"}],"author":[{"embeddable":true,"href":"https:\/\/rioonwatch.org\/index.php?rest_route=\/wp\/v2\/users\/17"}],"replies":[{"embeddable":true,"href":"https:\/\/rioonwatch.org\/index.php?rest_route=%2Fwp%2Fv2%2Fcomments&post=7780"}]}}