{"id":7788,"date":"2013-03-15T16:37:24","date_gmt":"2013-03-15T19:37:24","guid":{"rendered":"http:\/\/rioonwatch.org\/wp-content\/uploads\/2013\/03\/Redes-da-Mar\u00e9-Amnesty-campaign1.jpg"},"modified":"2013-03-15T16:37:24","modified_gmt":"2013-03-15T19:37:24","slug":"primeira-acao-da-campanha-somos-da-mare-e-temos-direitos-a-campanha-e-uma-iniciativa-inedita-da-redes-da-mare-da-anistia-internacional-e-do-observatorio-de-favelas-e-tem-como-objetivo-garantir-os-2","status":"inherit","type":"attachment","link":"https:\/\/rioonwatch.org\/?attachment_id=7788","title":{"rendered":"Primeira a\u00e7\u00e3o da Campanha ?Somos da Mar\u00e9 e temos direitos? .A campanha \u00e9 uma iniciativa in\u00e9dita da Redes da Mar\u00e9, da Anistia Internacional e do Observat\u00f3rio de Favelas  e tem como objetivo garantir os direitos dos moradores da comunidade \u00e0 seguran\u00e7a e prevenir contra abusos e a\u00e7\u00f5es desrespeitosas por parte das for\u00e7as policiais"},"author":17,"featured_media":0,"comment_status":"closed","ping_status":"closed","template":"","meta":{"_monsterinsights_skip_tracking":false,"_monsterinsights_sitenote_active":false,"_monsterinsights_sitenote_note":"","_monsterinsights_sitenote_category":0},"class_list":["post-7788","attachment","type-attachment","status-inherit"],"description":{"rendered":"<p class=\"attachment\"><a href='https:\/\/rioonwatch.org\/wp-content\/uploads\/2013\/03\/Redes-da-Mar\u00e9-Amnesty-campaign1.jpg'><img fetchpriority=\"high\" decoding=\"async\" width=\"300\" height=\"200\" src=\"https:\/\/rioonwatch.org\/wp-content\/uploads\/2013\/03\/Redes-da-Mar\u00e9-Amnesty-campaign1-300x200.jpg\" class=\"attachment-medium size-medium\" alt=\"\" srcset=\"https:\/\/rioonwatch.org\/wp-content\/uploads\/2013\/03\/Redes-da-Mar\u00e9-Amnesty-campaign1-300x200.jpg 300w, https:\/\/rioonwatch.org\/wp-content\/uploads\/2013\/03\/Redes-da-Mar\u00e9-Amnesty-campaign1.jpg 448w\" sizes=\"(max-width: 300px) 100vw, 300px\" \/><\/a><\/p>\n<p>Primeira a\u00c3\u00a7\u00c3\u00a3o da Campanha \u00e2\u0080\u009cSomos da Mar\u00c3\u00a9 e temos direitos\u00e2\u0080\u009d .A campanha \u00c3\u00a9 uma iniciativa in\u00c3\u00a9dita da Redes da Mar\u00c3\u00a9, da Anistia Internacional e do Observat\u00c3\u00b3rio de Favelas  e tem como objetivo garantir os direitos dos moradores da comunidade \u00c3\u00a0 seguran\u00c3\u00a7a e prevenir contra abusos e a\u00c3\u00a7\u00c3\u00b5es desrespeitosas por parte das for\u00c3\u00a7as policiais<\/p>\n"},"caption":{"rendered":"<div class=\"mh-excerpt\"><p>Primeira a\u00c3\u00a7\u00c3\u00a3o da Campanha \u00e2\u0080\u009cSomos da Mar\u00c3\u00a9 e temos direitos\u00e2\u0080\u009d .A campanha \u00c3\u00a9 uma iniciativa in\u00c3\u00a9dita da Redes da Mar\u00c3\u00a9, da Anistia Internacional e do Observat\u00c3\u00b3rio de Favelas e tem como objetivo garantir os direitos <a class=\"mh-excerpt-more\" href=\"https:\/\/rioonwatch.org\/?attachment_id=7788\" title=\"Primeira a\u00e7\u00e3o da Campanha ?Somos da Mar\u00e9 e temos direitos? .A campanha \u00e9 uma iniciativa in\u00e9dita da Redes da Mar\u00e9, da Anistia Internacional e do Observat\u00f3rio de Favelas  e tem como objetivo garantir os direitos dos moradores da comunidade \u00e0 seguran\u00e7a e prevenir contra abusos e a\u00e7\u00f5es desrespeitosas por parte das for\u00e7as policiais\">[&#8230;]<\/a><\/p>\n<\/div>"},"alt_text":"","media_type":"image","mime_type":"image\/jpeg","media_details":{"width":448,"height":299,"hwstring_small":"height='85' width='128'","file":"2013\/03\/Redes-da-Mar\u00e9-Amnesty-campaign1.jpg","sizes":{"thumbnail":{"file":"Redes-da-Mar\u00e9-Amnesty-campaign1-448x264.jpg","width":448,"height":264,"mime_type":"image\/jpeg","source_url":"https:\/\/rioonwatch.org\/wp-content\/uploads\/2013\/03\/Redes-da-Mar\u00e9-Amnesty-campaign1-448x264.jpg"},"medium":{"file":"Redes-da-Mar\u00e9-Amnesty-campaign1-300x200.jpg","width":300,"height":200,"mime_type":"image\/jpeg","source_url":"https:\/\/rioonwatch.org\/wp-content\/uploads\/2013\/03\/Redes-da-Mar\u00e9-Amnesty-campaign1-300x200.jpg"},"content":{"file":"Redes-da-Mar\u00e9-Amnesty-campaign1-448x264.jpg","width":448,"height":264,"mime_type":"image\/jpeg","source_url":"https:\/\/rioonwatch.org\/wp-content\/uploads\/2013\/03\/Redes-da-Mar\u00e9-Amnesty-campaign1-448x264.jpg"},"loop":{"file":"Redes-da-Mar\u00e9-Amnesty-campaign1-174x131.jpg","width":174,"height":131,"mime_type":"image\/jpeg","source_url":"https:\/\/rioonwatch.org\/wp-content\/uploads\/2013\/03\/Redes-da-Mar\u00e9-Amnesty-campaign1-174x131.jpg"},"carousel":{"file":"Redes-da-Mar\u00e9-Amnesty-campaign1-174x98.jpg","width":174,"height":98,"mime_type":"image\/jpeg","source_url":"https:\/\/rioonwatch.org\/wp-content\/uploads\/2013\/03\/Redes-da-Mar\u00e9-Amnesty-campaign1-174x98.jpg"},"cp_large":{"file":"Redes-da-Mar\u00e9-Amnesty-campaign1-300x225.jpg","width":300,"height":225,"mime_type":"image\/jpeg","source_url":"https:\/\/rioonwatch.org\/wp-content\/uploads\/2013\/03\/Redes-da-Mar\u00e9-Amnesty-campaign1-300x225.jpg"},"cp_small":{"file":"Redes-da-Mar\u00e9-Amnesty-campaign1-70x53.jpg","width":70,"height":53,"mime_type":"image\/jpeg","source_url":"https:\/\/rioonwatch.org\/wp-content\/uploads\/2013\/03\/Redes-da-Mar\u00e9-Amnesty-campaign1-70x53.jpg"},"mh-magazine-medium":{"file":"Redes-da-Mar\u00e9-Amnesty-campaign1-326x245.jpg","width":326,"height":245,"mime_type":"image\/jpeg","source_url":"https:\/\/rioonwatch.org\/wp-content\/uploads\/2013\/03\/Redes-da-Mar\u00e9-Amnesty-campaign1-326x245.jpg"},"full":{"file":"Redes-da-Mar\u00e9-Amnesty-campaign1.jpg","width":448,"height":299,"mime_type":"image\/jpeg","source_url":"https:\/\/rioonwatch.org\/wp-content\/uploads\/2013\/03\/Redes-da-Mar\u00e9-Amnesty-campaign1.jpg"}},"image_meta":{"aperture":"6.3","credit":"","camera":"Canon EOS 7D","caption":"Primeira a\u00e7\u00e3o da Campanha \u201cSomos da Mar\u00e9 e temos direitos\u201d .A campanha \u00e9 uma iniciativa in\u00e9dita da Redes da Mar\u00e9, da Anistia Internacional e do Observat\u00f3rio de Favelas  e tem como objetivo garantir os direitos dos moradores da comunidade \u00e0 seguran\u00e7a e prevenir contra abusos e a\u00e7\u00f5es desrespeitosas por parte das for\u00e7as policiais","created_timestamp":"1352194408","copyright":"Direito reservado. Proibido uso desta imagem sem o consentimento do autor: Elis\u00e2ngela Leite (Lei 9610 de 98). Contactar: mariaellis.pb@gmail.com","focal_length":"18","iso":"100","shutter_speed":"0.005","title":"","orientation":"1","keywords":[]}},"post":7766,"source_url":"https:\/\/rioonwatch.org\/wp-content\/uploads\/2013\/03\/Redes-da-Mar\u00e9-Amnesty-campaign1.jpg","_links":{"self":[{"href":"https:\/\/rioonwatch.org\/index.php?rest_route=\/wp\/v2\/media\/7788","targetHints":{"allow":["GET"]}}],"collection":[{"href":"https:\/\/rioonwatch.org\/index.php?rest_route=\/wp\/v2\/media"}],"about":[{"href":"https:\/\/rioonwatch.org\/index.php?rest_route=\/wp\/v2\/types\/attachment"}],"author":[{"embeddable":true,"href":"https:\/\/rioonwatch.org\/index.php?rest_route=\/wp\/v2\/users\/17"}],"replies":[{"embeddable":true,"href":"https:\/\/rioonwatch.org\/index.php?rest_route=%2Fwp%2Fv2%2Fcomments&post=7788"}]}}